{"id":1065,"date":"2023-02-13T02:43:01","date_gmt":"2023-02-13T02:43:01","guid":{"rendered":"https:\/\/lira.pagescontadoragora.com\/?page_id=1065"},"modified":"2024-11-06T23:06:41","modified_gmt":"2024-11-06T23:06:41","slug":"blog","status":"publish","type":"page","link":"https:\/\/liracontabilidade.com.br\/index.php\/blog\/","title":{"rendered":"Blog"},"content":{"rendered":"\t\t<div data-elementor-type=\"wp-page\" data-elementor-id=\"1065\" class=\"elementor elementor-1065\" data-elementor-settings=\"{&quot;ha_cmc_init_switcher&quot;:&quot;no&quot;}\">\n\t\t\t\t\t\t<section class=\"elementor-section elementor-top-section elementor-element elementor-element-4722899 elementor-section-stretched elementor-section-boxed elementor-section-height-default elementor-section-height-default\" data-id=\"4722899\" data-element_type=\"section\" data-e-type=\"section\" data-settings=\"{&quot;stretch_section&quot;:&quot;section-stretched&quot;,&quot;background_background&quot;:&quot;classic&quot;,&quot;_ha_eqh_enable&quot;:false}\">\n\t\t\t\t\t\t\t<div class=\"elementor-background-overlay\"><\/div>\n\t\t\t\t\t\t\t<div class=\"elementor-container elementor-column-gap-default\">\n\t\t\t\t\t<div class=\"elementor-column elementor-col-100 elementor-top-column elementor-element elementor-element-18cf7ea\" data-id=\"18cf7ea\" data-element_type=\"column\" data-e-type=\"column\">\n\t\t\t<div class=\"elementor-widget-wrap elementor-element-populated\">\n\t\t\t\t\t\t<div class=\"elementor-element elementor-element-ce3cc91 elementor-widget elementor-widget-heading\" data-id=\"ce3cc91\" data-element_type=\"widget\" data-e-type=\"widget\" data-widget_type=\"heading.default\">\n\t\t\t\t<div class=\"elementor-widget-container\">\n\t\t\t\t\t<h1 class=\"elementor-heading-title elementor-size-default\">Blog de Contabilidade S\u00e3o Jo\u00e3o Del Rei - MG<\/h1>\t\t\t\t<\/div>\n\t\t\t\t<\/div>\n\t\t\t\t<div class=\"elementor-element elementor-element-78d9cf3 elementor-widget-divider--view-line elementor-widget elementor-widget-divider\" data-id=\"78d9cf3\" data-element_type=\"widget\" data-e-type=\"widget\" data-widget_type=\"divider.default\">\n\t\t\t\t<div class=\"elementor-widget-container\">\n\t\t\t\t\t\t\t<div class=\"elementor-divider\">\n\t\t\t<span class=\"elementor-divider-separator\">\n\t\t\t\t\t\t<\/span>\n\t\t<\/div>\n\t\t\t\t\t\t<\/div>\n\t\t\t\t<\/div>\n\t\t\t\t<div class=\"elementor-element elementor-element-0de9049 elementor-widget elementor-widget-heading\" data-id=\"0de9049\" data-element_type=\"widget\" data-e-type=\"widget\" data-widget_type=\"heading.default\">\n\t\t\t\t<div class=\"elementor-widget-container\">\n\t\t\t\t\t<p class=\"elementor-heading-title elementor-size-default\">Dicas e noticias para ajudar no dia a dia do seu neg\u00f3cio!<\/p>\t\t\t\t<\/div>\n\t\t\t\t<\/div>\n\t\t\t\t\t<\/div>\n\t\t<\/div>\n\t\t\t\t\t<\/div>\n\t\t<\/section>\n\t\t\t\t<section class=\"elementor-section elementor-top-section elementor-element elementor-element-8f56830 elementor-section-boxed elementor-section-height-default elementor-section-height-default\" data-id=\"8f56830\" data-element_type=\"section\" data-e-type=\"section\" data-settings=\"{&quot;_ha_eqh_enable&quot;:false}\">\n\t\t\t\t\t\t<div class=\"elementor-container elementor-column-gap-default\">\n\t\t\t\t\t<div class=\"elementor-column elementor-col-100 elementor-top-column elementor-element elementor-element-ed8b246\" data-id=\"ed8b246\" data-element_type=\"column\" data-e-type=\"column\">\n\t\t\t<div class=\"elementor-widget-wrap elementor-element-populated\">\n\t\t\t\t\t\t<div class=\"elementor-element elementor-element-25bbba6 elementor-grid-eael-col-3 elementor-grid-tablet-eael-col-2 elementor-grid-mobile-eael-col-1 elementor-widget elementor-widget-eael-post-grid\" data-id=\"25bbba6\" data-element_type=\"widget\" data-e-type=\"widget\" data-settings=\"{&quot;eael_post_grid_columns&quot;:&quot;eael-col-3&quot;,&quot;eael_post_grid_columns_tablet&quot;:&quot;eael-col-2&quot;,&quot;eael_post_grid_columns_mobile&quot;:&quot;eael-col-1&quot;}\" data-widget_type=\"eael-post-grid.default\">\n\t\t\t\t<div class=\"elementor-widget-container\">\n\t\t\t\t\t<div id=\"eael-post-grid-25bbba6\" class=\"eael-post-grid-container\">\n            <div class=\"eael-post-grid eael-post-appender eael-post-appender-25bbba6 eael-post-grid-style-two\" data-layout-mode=\"grid\"><article class=\"eael-grid-post  eael-post-grid-column eael-pg-post-1583 category-uncategorized\" data-id=\"1583\">\n    <div class=\"eael-grid-post-holder\">\n        <div class=\"eael-grid-post-holder-inner\"><div class=\"eael-entry-media\"><div class=\"eael-entry-overlay fade-in\"><i class=\"fas fa-long-arrow-alt-right\" aria-hidden=\"true\"><\/i><a href=\"https:\/\/liracontabilidade.com.br\/index.php\/o-ministerio-do-trabalho-e-emprego-mte-anunciou-que-vai-intensificar-a-fiscalizacao-sobre-o-recolhimento-do-fgts-pelas-empresas\/\"><\/a><\/div><div class=\"eael-entry-thumbnail \">\n                            <img fetchpriority=\"high\" decoding=\"async\" width=\"300\" height=\"169\" src=\"https:\/\/liracontabilidade.com.br\/wp-content\/uploads\/2025\/04\/Intensificacao-da-Fiscalizacao-do-FGTS-1-300x169.png\" class=\"attachment-medium size-medium wp-image-1585\" alt=\"\" srcset=\"https:\/\/liracontabilidade.com.br\/wp-content\/uploads\/2025\/04\/Intensificacao-da-Fiscalizacao-do-FGTS-1-300x169.png 300w, https:\/\/liracontabilidade.com.br\/wp-content\/uploads\/2025\/04\/Intensificacao-da-Fiscalizacao-do-FGTS-1-1024x576.png 1024w, https:\/\/liracontabilidade.com.br\/wp-content\/uploads\/2025\/04\/Intensificacao-da-Fiscalizacao-do-FGTS-1-768x432.png 768w, https:\/\/liracontabilidade.com.br\/wp-content\/uploads\/2025\/04\/Intensificacao-da-Fiscalizacao-do-FGTS-1-1536x864.png 1536w, https:\/\/liracontabilidade.com.br\/wp-content\/uploads\/2025\/04\/Intensificacao-da-Fiscalizacao-do-FGTS-1-2048x1152.png 2048w\" sizes=\"(max-width: 300px) 100vw, 300px\" \/>\n                            <\/div>\n                    <\/div><div class=\"eael-entry-wrapper\"><header class=\"eael-entry-header\"><h2 class=\"eael-entry-title\"><a class=\"eael-grid-post-link\" href=\"https:\/\/liracontabilidade.com.br\/index.php\/o-ministerio-do-trabalho-e-emprego-mte-anunciou-que-vai-intensificar-a-fiscalizacao-sobre-o-recolhimento-do-fgts-pelas-empresas\/\" title=\"Intensifica\u00e7\u00e3o da Fiscaliza\u00e7\u00e3o do FGTS\">Intensifica\u00e7\u00e3o da Fiscaliza\u00e7\u00e3o do FGTS<\/a><\/h2><\/header><div class=\"eael-entry-content\">\n                                <div class=\"eael-grid-post-excerpt\"><p>O Minist\u00e9rio do Trabalho e Emprego (MTE) anunciou que vai intensificar a fiscaliza\u00e7\u00e3o sobre o recolhimento do FGTS pelas empresas. A Instru\u00e7\u00e3o Normativa SIT\/MTE N\u00ba 2, divulgada recentemente, atualiza as...<\/p><a href=\"https:\/\/liracontabilidade.com.br\/index.php\/o-ministerio-do-trabalho-e-emprego-mte-anunciou-que-vai-intensificar-a-fiscalizacao-sobre-o-recolhimento-do-fgts-pelas-empresas\/\" class=\"eael-post-elements-readmore-btn\">Leia mais<\/a><\/div>\n                            <\/div><div class=\"eael-entry-header-after style-two\"><div class=\"eael-entry-meta\"><span class=\"eael-meta-posted-on\"><i class=\"far fa-clock\"><\/i><time datetime=\"abril 10, 2025\">abril 10, 2025<\/time><\/span><\/div><\/div><\/div><\/div>\n    <\/div>\n<\/article><article class=\"eael-grid-post  eael-post-grid-column eael-pg-post-1577 category-uncategorized\" data-id=\"1577\">\n    <div class=\"eael-grid-post-holder\">\n        <div class=\"eael-grid-post-holder-inner\"><div class=\"eael-entry-media\"><div class=\"eael-entry-overlay fade-in\"><i class=\"fas fa-long-arrow-alt-right\" aria-hidden=\"true\"><\/i><a href=\"https:\/\/liracontabilidade.com.br\/index.php\/metas-smart-potencialize-sua-gestao\/\"><\/a><\/div><div class=\"eael-entry-thumbnail \">\n                            <img decoding=\"async\" width=\"300\" height=\"169\" src=\"https:\/\/liracontabilidade.com.br\/wp-content\/uploads\/2025\/03\/Metas-SMART-Potencialize-sua-Gestao-300x169.png\" class=\"attachment-medium size-medium wp-image-1578\" alt=\"\" srcset=\"https:\/\/liracontabilidade.com.br\/wp-content\/uploads\/2025\/03\/Metas-SMART-Potencialize-sua-Gestao-300x169.png 300w, https:\/\/liracontabilidade.com.br\/wp-content\/uploads\/2025\/03\/Metas-SMART-Potencialize-sua-Gestao-1024x576.png 1024w, https:\/\/liracontabilidade.com.br\/wp-content\/uploads\/2025\/03\/Metas-SMART-Potencialize-sua-Gestao-768x432.png 768w, https:\/\/liracontabilidade.com.br\/wp-content\/uploads\/2025\/03\/Metas-SMART-Potencialize-sua-Gestao-1536x864.png 1536w, https:\/\/liracontabilidade.com.br\/wp-content\/uploads\/2025\/03\/Metas-SMART-Potencialize-sua-Gestao-2048x1152.png 2048w\" sizes=\"(max-width: 300px) 100vw, 300px\" \/>\n                            <\/div>\n                    <\/div><div class=\"eael-entry-wrapper\"><header class=\"eael-entry-header\"><h2 class=\"eael-entry-title\"><a class=\"eael-grid-post-link\" href=\"https:\/\/liracontabilidade.com.br\/index.php\/metas-smart-potencialize-sua-gestao\/\" title=\"Metas SMART: Potencialize sua Gest\u00e3o\">Metas SMART: Potencialize sua Gest\u00e3o<\/a><\/h2><\/header><div class=\"eael-entry-content\">\n                                <div class=\"eael-grid-post-excerpt\"><p>No complexo cen\u00e1rio empresarial atual, onde a clareza e a efici\u00eancia s\u00e3o essenciais, as metas SMART emergem como uma metodologia indispens\u00e1vel para empres\u00e1rios e gestores.<\/p><a href=\"https:\/\/liracontabilidade.com.br\/index.php\/metas-smart-potencialize-sua-gestao\/\" class=\"eael-post-elements-readmore-btn\">Leia mais<\/a><\/div>\n                            <\/div><div class=\"eael-entry-header-after style-two\"><div class=\"eael-entry-meta\"><span class=\"eael-meta-posted-on\"><i class=\"far fa-clock\"><\/i><time datetime=\"mar\u00e7o 27, 2025\">mar\u00e7o 27, 2025<\/time><\/span><\/div><\/div><\/div><\/div>\n    <\/div>\n<\/article><article class=\"eael-grid-post  eael-post-grid-column eael-pg-post-1573 category-uncategorized\" data-id=\"1573\">\n    <div class=\"eael-grid-post-holder\">\n        <div class=\"eael-grid-post-holder-inner\"><div class=\"eael-entry-media\"><div class=\"eael-entry-overlay fade-in\"><i class=\"fas fa-long-arrow-alt-right\" aria-hidden=\"true\"><\/i><a href=\"https:\/\/liracontabilidade.com.br\/index.php\/novas-regras-do-imposto-de-renda-2025-o-que-voce-precisa-saber\/\"><\/a><\/div><div class=\"eael-entry-thumbnail \">\n                            <img decoding=\"async\" width=\"300\" height=\"169\" src=\"https:\/\/liracontabilidade.com.br\/wp-content\/uploads\/2025\/03\/Novas-Regras-do-Imposto-de-Renda-2025-300x169.png\" class=\"attachment-medium size-medium wp-image-1574\" alt=\"\" srcset=\"https:\/\/liracontabilidade.com.br\/wp-content\/uploads\/2025\/03\/Novas-Regras-do-Imposto-de-Renda-2025-300x169.png 300w, https:\/\/liracontabilidade.com.br\/wp-content\/uploads\/2025\/03\/Novas-Regras-do-Imposto-de-Renda-2025-1024x576.png 1024w, https:\/\/liracontabilidade.com.br\/wp-content\/uploads\/2025\/03\/Novas-Regras-do-Imposto-de-Renda-2025-768x432.png 768w, https:\/\/liracontabilidade.com.br\/wp-content\/uploads\/2025\/03\/Novas-Regras-do-Imposto-de-Renda-2025-1536x864.png 1536w, https:\/\/liracontabilidade.com.br\/wp-content\/uploads\/2025\/03\/Novas-Regras-do-Imposto-de-Renda-2025-2048x1152.png 2048w\" sizes=\"(max-width: 300px) 100vw, 300px\" \/>\n                            <\/div>\n                    <\/div><div class=\"eael-entry-wrapper\"><header class=\"eael-entry-header\"><h2 class=\"eael-entry-title\"><a class=\"eael-grid-post-link\" href=\"https:\/\/liracontabilidade.com.br\/index.php\/novas-regras-do-imposto-de-renda-2025-o-que-voce-precisa-saber\/\" title=\"Novas Regras do Imposto de Renda 2025: O Que Voc\u00ea Precisa Saber\">Novas Regras do Imposto de Renda 2025: O Que Voc\u00ea Precisa Saber<\/a><\/h2><\/header><div class=\"eael-entry-content\">\n                                <div class=\"eael-grid-post-excerpt\"><p>Com o objetivo de esclarecer as recentes atualiza\u00e7\u00f5es do Imposto de Renda 2025, a Lira Contabilidade preparou um guia completo para que contribuintes possam se adaptar \u00e0s mudan\u00e7as com confian\u00e7a...<\/p><a href=\"https:\/\/liracontabilidade.com.br\/index.php\/novas-regras-do-imposto-de-renda-2025-o-que-voce-precisa-saber\/\" class=\"eael-post-elements-readmore-btn\">Leia mais<\/a><\/div>\n                            <\/div><div class=\"eael-entry-header-after style-two\"><div class=\"eael-entry-meta\"><span class=\"eael-meta-posted-on\"><i class=\"far fa-clock\"><\/i><time datetime=\"mar\u00e7o 20, 2025\">mar\u00e7o 20, 2025<\/time><\/span><\/div><\/div><\/div><\/div>\n    <\/div>\n<\/article><article class=\"eael-grid-post  eael-post-grid-column eael-pg-post-1561 category-uncategorized\" data-id=\"1561\">\n    <div class=\"eael-grid-post-holder\">\n        <div class=\"eael-grid-post-holder-inner\"><div class=\"eael-entry-media\"><div class=\"eael-entry-overlay fade-in\"><i class=\"fas fa-long-arrow-alt-right\" aria-hidden=\"true\"><\/i><a href=\"https:\/\/liracontabilidade.com.br\/index.php\/quem-deve-declarar-o-imposto-de-renda-2024-2025\/\"><\/a><\/div><div class=\"eael-entry-thumbnail \">\n                            <img loading=\"lazy\" decoding=\"async\" width=\"300\" height=\"169\" src=\"https:\/\/liracontabilidade.com.br\/wp-content\/uploads\/2025\/03\/Imposto-de-Renda-20242025-300x169.png\" class=\"attachment-medium size-medium wp-image-1564\" alt=\"\" srcset=\"https:\/\/liracontabilidade.com.br\/wp-content\/uploads\/2025\/03\/Imposto-de-Renda-20242025-300x169.png 300w, https:\/\/liracontabilidade.com.br\/wp-content\/uploads\/2025\/03\/Imposto-de-Renda-20242025-1024x576.png 1024w, https:\/\/liracontabilidade.com.br\/wp-content\/uploads\/2025\/03\/Imposto-de-Renda-20242025-768x432.png 768w, https:\/\/liracontabilidade.com.br\/wp-content\/uploads\/2025\/03\/Imposto-de-Renda-20242025-1536x864.png 1536w, https:\/\/liracontabilidade.com.br\/wp-content\/uploads\/2025\/03\/Imposto-de-Renda-20242025-2048x1152.png 2048w\" sizes=\"(max-width: 300px) 100vw, 300px\" \/>\n                            <\/div>\n                    <\/div><div class=\"eael-entry-wrapper\"><header class=\"eael-entry-header\"><h2 class=\"eael-entry-title\"><a class=\"eael-grid-post-link\" href=\"https:\/\/liracontabilidade.com.br\/index.php\/quem-deve-declarar-o-imposto-de-renda-2024-2025\/\" title=\"Quem Deve Declarar o Imposto de Renda 2024\/2025\">Quem Deve Declarar o Imposto de Renda 2024\/2025<\/a><\/h2><\/header><div class=\"eael-entry-content\">\n                                <div class=\"eael-grid-post-excerpt\"><p>O processo para declarar o Imposto de Renda \u00e9 uma etapa anual que muitos cidad\u00e3os brasileiros precisam enfrentar. Se voc\u00ea est\u00e1 inseguro sobre sua obrigatoriedade em rela\u00e7\u00e3o \u00e0 Declara\u00e7\u00e3o de...<\/p><a href=\"https:\/\/liracontabilidade.com.br\/index.php\/quem-deve-declarar-o-imposto-de-renda-2024-2025\/\" class=\"eael-post-elements-readmore-btn\">Leia mais<\/a><\/div>\n                            <\/div><div class=\"eael-entry-header-after style-two\"><div class=\"eael-entry-meta\"><span class=\"eael-meta-posted-on\"><i class=\"far fa-clock\"><\/i><time datetime=\"mar\u00e7o 13, 2025\">mar\u00e7o 13, 2025<\/time><\/span><\/div><\/div><\/div><\/div>\n    <\/div>\n<\/article><article class=\"eael-grid-post  eael-post-grid-column eael-pg-post-1558 category-uncategorized\" data-id=\"1558\">\n    <div class=\"eael-grid-post-holder\">\n        <div class=\"eael-grid-post-holder-inner\"><div class=\"eael-entry-media\"><div class=\"eael-entry-overlay fade-in\"><i class=\"fas fa-long-arrow-alt-right\" aria-hidden=\"true\"><\/i><a href=\"https:\/\/liracontabilidade.com.br\/index.php\/cuidado-com-suas-redes-sociais-a-receita-federal-esta-te-observando\/\"><\/a><\/div><div class=\"eael-entry-thumbnail \">\n                            <img loading=\"lazy\" decoding=\"async\" width=\"300\" height=\"169\" src=\"https:\/\/liracontabilidade.com.br\/wp-content\/uploads\/2025\/03\/Cuidado-com-suas-Redes-Sociais-300x169.png\" class=\"attachment-medium size-medium wp-image-1559\" alt=\"\" srcset=\"https:\/\/liracontabilidade.com.br\/wp-content\/uploads\/2025\/03\/Cuidado-com-suas-Redes-Sociais-300x169.png 300w, https:\/\/liracontabilidade.com.br\/wp-content\/uploads\/2025\/03\/Cuidado-com-suas-Redes-Sociais-1024x576.png 1024w, https:\/\/liracontabilidade.com.br\/wp-content\/uploads\/2025\/03\/Cuidado-com-suas-Redes-Sociais-768x432.png 768w, https:\/\/liracontabilidade.com.br\/wp-content\/uploads\/2025\/03\/Cuidado-com-suas-Redes-Sociais-1536x864.png 1536w, https:\/\/liracontabilidade.com.br\/wp-content\/uploads\/2025\/03\/Cuidado-com-suas-Redes-Sociais-2048x1152.png 2048w\" sizes=\"(max-width: 300px) 100vw, 300px\" \/>\n                            <\/div>\n                    <\/div><div class=\"eael-entry-wrapper\"><header class=\"eael-entry-header\"><h2 class=\"eael-entry-title\"><a class=\"eael-grid-post-link\" href=\"https:\/\/liracontabilidade.com.br\/index.php\/cuidado-com-suas-redes-sociais-a-receita-federal-esta-te-observando\/\" title=\"Cuidado com suas Redes Sociais: A Receita Federal est\u00e1 te observando!\">Cuidado com suas Redes Sociais: A Receita Federal est\u00e1 te observando!<\/a><\/h2><\/header><div class=\"eael-entry-content\">\n                                <div class=\"eael-grid-post-excerpt\"><p>Com a crescente popularidade das redes sociais entre os brasileiros, muitos est\u00e3o transformando suas vidas em vitrines online. Fotos de viagens luxuosas, carros esportivos e jantares em restaurantes caros s\u00e3o...<\/p><a href=\"https:\/\/liracontabilidade.com.br\/index.php\/cuidado-com-suas-redes-sociais-a-receita-federal-esta-te-observando\/\" class=\"eael-post-elements-readmore-btn\">Leia mais<\/a><\/div>\n                            <\/div><div class=\"eael-entry-header-after style-two\"><div class=\"eael-entry-meta\"><span class=\"eael-meta-posted-on\"><i class=\"far fa-clock\"><\/i><time datetime=\"mar\u00e7o 6, 2025\">mar\u00e7o 6, 2025<\/time><\/span><\/div><\/div><\/div><\/div>\n    <\/div>\n<\/article><article class=\"eael-grid-post  eael-post-grid-column eael-pg-post-1553 category-uncategorized\" data-id=\"1553\">\n    <div class=\"eael-grid-post-holder\">\n        <div class=\"eael-grid-post-holder-inner\"><div class=\"eael-entry-media\"><div class=\"eael-entry-overlay fade-in\"><i class=\"fas fa-long-arrow-alt-right\" aria-hidden=\"true\"><\/i><a href=\"https:\/\/liracontabilidade.com.br\/index.php\/impacto-nos-microempreendedores-individuais-em-2025\/\"><\/a><\/div><div class=\"eael-entry-thumbnail \">\n                            <img loading=\"lazy\" decoding=\"async\" width=\"300\" height=\"169\" src=\"https:\/\/liracontabilidade.com.br\/wp-content\/uploads\/2025\/02\/TABELA-DE-INSS-2025-1-300x169.png\" class=\"attachment-medium size-medium wp-image-1554\" alt=\"\" srcset=\"https:\/\/liracontabilidade.com.br\/wp-content\/uploads\/2025\/02\/TABELA-DE-INSS-2025-1-300x169.png 300w, https:\/\/liracontabilidade.com.br\/wp-content\/uploads\/2025\/02\/TABELA-DE-INSS-2025-1-1024x576.png 1024w, https:\/\/liracontabilidade.com.br\/wp-content\/uploads\/2025\/02\/TABELA-DE-INSS-2025-1-768x432.png 768w, https:\/\/liracontabilidade.com.br\/wp-content\/uploads\/2025\/02\/TABELA-DE-INSS-2025-1-1536x864.png 1536w, https:\/\/liracontabilidade.com.br\/wp-content\/uploads\/2025\/02\/TABELA-DE-INSS-2025-1-2048x1152.png 2048w\" sizes=\"(max-width: 300px) 100vw, 300px\" \/>\n                            <\/div>\n                    <\/div><div class=\"eael-entry-wrapper\"><header class=\"eael-entry-header\"><h2 class=\"eael-entry-title\"><a class=\"eael-grid-post-link\" href=\"https:\/\/liracontabilidade.com.br\/index.php\/impacto-nos-microempreendedores-individuais-em-2025\/\" title=\"Impacto nos Microempreendedores Individuais em 2025\">Impacto nos Microempreendedores Individuais em 2025<\/a><\/h2><\/header><div class=\"eael-entry-content\">\n                                <div class=\"eael-grid-post-excerpt\"><p>O ano de 2025 traz novas altera\u00e7\u00f5es para os Microempreendedores Individuais (MEIs) com o ajuste no valor do sal\u00e1rio-m\u00ednimo para R$ 1.518,00.<\/p><a href=\"https:\/\/liracontabilidade.com.br\/index.php\/impacto-nos-microempreendedores-individuais-em-2025\/\" class=\"eael-post-elements-readmore-btn\">Leia mais<\/a><\/div>\n                            <\/div><div class=\"eael-entry-header-after style-two\"><div class=\"eael-entry-meta\"><span class=\"eael-meta-posted-on\"><i class=\"far fa-clock\"><\/i><time datetime=\"fevereiro 20, 2025\">fevereiro 20, 2025<\/time><\/span><\/div><\/div><\/div><\/div>\n    <\/div>\n<\/article><article class=\"eael-grid-post  eael-post-grid-column eael-pg-post-1547 category-uncategorized\" data-id=\"1547\">\n    <div class=\"eael-grid-post-holder\">\n        <div class=\"eael-grid-post-holder-inner\"><div class=\"eael-entry-media\"><div class=\"eael-entry-overlay fade-in\"><i class=\"fas fa-long-arrow-alt-right\" aria-hidden=\"true\"><\/i><a href=\"https:\/\/liracontabilidade.com.br\/index.php\/tabela-de-inss-2025\/\"><\/a><\/div><div class=\"eael-entry-thumbnail \">\n                            <img loading=\"lazy\" decoding=\"async\" width=\"300\" height=\"169\" src=\"https:\/\/liracontabilidade.com.br\/wp-content\/uploads\/2025\/02\/TABELA-DE-INSS-2025-300x169.png\" class=\"attachment-medium size-medium wp-image-1549\" alt=\"Tabela de INSS 2025\" srcset=\"https:\/\/liracontabilidade.com.br\/wp-content\/uploads\/2025\/02\/TABELA-DE-INSS-2025-300x169.png 300w, https:\/\/liracontabilidade.com.br\/wp-content\/uploads\/2025\/02\/TABELA-DE-INSS-2025-1024x576.png 1024w, https:\/\/liracontabilidade.com.br\/wp-content\/uploads\/2025\/02\/TABELA-DE-INSS-2025-768x432.png 768w, https:\/\/liracontabilidade.com.br\/wp-content\/uploads\/2025\/02\/TABELA-DE-INSS-2025-1536x864.png 1536w, https:\/\/liracontabilidade.com.br\/wp-content\/uploads\/2025\/02\/TABELA-DE-INSS-2025-2048x1152.png 2048w\" sizes=\"(max-width: 300px) 100vw, 300px\" \/>\n                            <\/div>\n                    <\/div><div class=\"eael-entry-wrapper\"><header class=\"eael-entry-header\"><h2 class=\"eael-entry-title\"><a class=\"eael-grid-post-link\" href=\"https:\/\/liracontabilidade.com.br\/index.php\/tabela-de-inss-2025\/\" title=\"TABELA DE INSS 2025\">TABELA DE INSS 2025<\/a><\/h2><\/header><div class=\"eael-entry-content\">\n                                <div class=\"eael-grid-post-excerpt\"><p>A tabela do INSS estabelece o percentual de dedu\u00e7\u00e3o mensal dos sal\u00e1rios, assegurando uma contribui\u00e7\u00e3o justa e progressiva, onde as al\u00edquotas aumentam conforme o sal\u00e1rio do trabalhador. Isso garante que...<\/p><a href=\"https:\/\/liracontabilidade.com.br\/index.php\/tabela-de-inss-2025\/\" class=\"eael-post-elements-readmore-btn\">Leia mais<\/a><\/div>\n                            <\/div><div class=\"eael-entry-header-after style-two\"><div class=\"eael-entry-meta\"><span class=\"eael-meta-posted-on\"><i class=\"far fa-clock\"><\/i><time datetime=\"fevereiro 13, 2025\">fevereiro 13, 2025<\/time><\/span><\/div><\/div><\/div><\/div>\n    <\/div>\n<\/article><article class=\"eael-grid-post  eael-post-grid-column eael-pg-post-1544 category-uncategorized\" data-id=\"1544\">\n    <div class=\"eael-grid-post-holder\">\n        <div class=\"eael-grid-post-holder-inner\"><div class=\"eael-entry-media\"><div class=\"eael-entry-overlay fade-in\"><i class=\"fas fa-long-arrow-alt-right\" aria-hidden=\"true\"><\/i><a href=\"https:\/\/liracontabilidade.com.br\/index.php\/mudancas-no-icms-para-transportadoras-em-minas-gerais\/\"><\/a><\/div><div class=\"eael-entry-thumbnail \">\n                            <img loading=\"lazy\" decoding=\"async\" width=\"300\" height=\"169\" src=\"https:\/\/liracontabilidade.com.br\/wp-content\/uploads\/2025\/02\/ICMS-para-Transportadoras-300x169.png\" class=\"attachment-medium size-medium wp-image-1545\" alt=\"ICMS para Transportadoras\" srcset=\"https:\/\/liracontabilidade.com.br\/wp-content\/uploads\/2025\/02\/ICMS-para-Transportadoras-300x169.png 300w, https:\/\/liracontabilidade.com.br\/wp-content\/uploads\/2025\/02\/ICMS-para-Transportadoras-1024x576.png 1024w, https:\/\/liracontabilidade.com.br\/wp-content\/uploads\/2025\/02\/ICMS-para-Transportadoras-768x432.png 768w, https:\/\/liracontabilidade.com.br\/wp-content\/uploads\/2025\/02\/ICMS-para-Transportadoras-1536x864.png 1536w, https:\/\/liracontabilidade.com.br\/wp-content\/uploads\/2025\/02\/ICMS-para-Transportadoras-2048x1152.png 2048w\" sizes=\"(max-width: 300px) 100vw, 300px\" \/>\n                            <\/div>\n                    <\/div><div class=\"eael-entry-wrapper\"><header class=\"eael-entry-header\"><h2 class=\"eael-entry-title\"><a class=\"eael-grid-post-link\" href=\"https:\/\/liracontabilidade.com.br\/index.php\/mudancas-no-icms-para-transportadoras-em-minas-gerais\/\" title=\"Mudan\u00e7as no ICMS para Transportadoras em Minas Gerais\">Mudan\u00e7as no ICMS para Transportadoras em Minas Gerais<\/a><\/h2><\/header><div class=\"eael-entry-content\">\n                                <div class=\"eael-grid-post-excerpt\"><p>A partir de 1\u00ba de janeiro de 2025, as transportadoras rodovi\u00e1rias de cargas em Minas Gerais enfrentaram importantes altera\u00e7\u00f5es na apura\u00e7\u00e3o do ICMS. Com a implementa\u00e7\u00e3o do Decreto n\u00ba 48.957\/2024,...<\/p><a href=\"https:\/\/liracontabilidade.com.br\/index.php\/mudancas-no-icms-para-transportadoras-em-minas-gerais\/\" class=\"eael-post-elements-readmore-btn\">Leia mais<\/a><\/div>\n                            <\/div><div class=\"eael-entry-header-after style-two\"><div class=\"eael-entry-meta\"><span class=\"eael-meta-posted-on\"><i class=\"far fa-clock\"><\/i><time datetime=\"fevereiro 6, 2025\">fevereiro 6, 2025<\/time><\/span><\/div><\/div><\/div><\/div>\n    <\/div>\n<\/article><article class=\"eael-grid-post  eael-post-grid-column eael-pg-post-1539 category-uncategorized\" data-id=\"1539\">\n    <div class=\"eael-grid-post-holder\">\n        <div class=\"eael-grid-post-holder-inner\"><div class=\"eael-entry-media\"><div class=\"eael-entry-overlay fade-in\"><i class=\"fas fa-long-arrow-alt-right\" aria-hidden=\"true\"><\/i><a href=\"https:\/\/liracontabilidade.com.br\/index.php\/lei-do-salao-parceiro-entenda-todos-os-detalhes\/\"><\/a><\/div><div class=\"eael-entry-thumbnail \">\n                            <img loading=\"lazy\" decoding=\"async\" width=\"300\" height=\"169\" src=\"https:\/\/liracontabilidade.com.br\/wp-content\/uploads\/2024\/12\/Lei-do-Salao-Parceiro-300x169.png\" class=\"attachment-medium size-medium wp-image-1540\" alt=\"Lei do Sal\u00e3o-Parceiro\" srcset=\"https:\/\/liracontabilidade.com.br\/wp-content\/uploads\/2024\/12\/Lei-do-Salao-Parceiro-300x169.png 300w, https:\/\/liracontabilidade.com.br\/wp-content\/uploads\/2024\/12\/Lei-do-Salao-Parceiro-1024x576.png 1024w, https:\/\/liracontabilidade.com.br\/wp-content\/uploads\/2024\/12\/Lei-do-Salao-Parceiro-768x432.png 768w, https:\/\/liracontabilidade.com.br\/wp-content\/uploads\/2024\/12\/Lei-do-Salao-Parceiro-1536x864.png 1536w, https:\/\/liracontabilidade.com.br\/wp-content\/uploads\/2024\/12\/Lei-do-Salao-Parceiro-2048x1152.png 2048w\" sizes=\"(max-width: 300px) 100vw, 300px\" \/>\n                            <\/div>\n                    <\/div><div class=\"eael-entry-wrapper\"><header class=\"eael-entry-header\"><h2 class=\"eael-entry-title\"><a class=\"eael-grid-post-link\" href=\"https:\/\/liracontabilidade.com.br\/index.php\/lei-do-salao-parceiro-entenda-todos-os-detalhes\/\" title=\"Lei do Sal\u00e3o-Parceiro: Entenda Todos os Detalhes\">Lei do Sal\u00e3o-Parceiro: Entenda Todos os Detalhes<\/a><\/h2><\/header><div class=\"eael-entry-content\">\n                                <div class=\"eael-grid-post-excerpt\"><p>A Lei do Sal\u00e3o-Parceiro, formalizada pela Lei n\u00ba 13.352\/2016, transformou o cen\u00e1rio do setor de beleza no Brasil. Esta legisla\u00e7\u00e3o proporciona uma estrutura legal para a rela\u00e7\u00e3o entre sal\u00f5es de...<\/p><a href=\"https:\/\/liracontabilidade.com.br\/index.php\/lei-do-salao-parceiro-entenda-todos-os-detalhes\/\" class=\"eael-post-elements-readmore-btn\">Leia mais<\/a><\/div>\n                            <\/div><div class=\"eael-entry-header-after style-two\"><div class=\"eael-entry-meta\"><span class=\"eael-meta-posted-on\"><i class=\"far fa-clock\"><\/i><time datetime=\"dezembro 26, 2024\">dezembro 26, 2024<\/time><\/span><\/div><\/div><\/div><\/div>\n    <\/div>\n<\/article><\/div>\n            <div class=\"clearfix\"><\/div>\n        <\/div>            <div class=\"eael-load-more-button-wrap eael-force-hide\">\n                <button class=\"eael-load-more-button\" id=\"eael-load-more-btn-25bbba6\" data-widget-id=\"25bbba6\" data-widget=\"25bbba6\" data-page-id=\"1065\" data-template=\"{&quot;dir&quot;:&quot;lite&quot;,&quot;file_name&quot;:&quot;two.php&quot;,&quot;name&quot;:&quot;Post-Grid&quot;}\" data-class=\"Essential_Addons_Elementor\\Elements\\Post_Grid\" data-layout=\"grid\" data-page=\"1\" data-args=\"orderby=date&amp;order=desc&amp;ignore_sticky_posts=1&amp;post_status=publish&amp;posts_per_page=9&amp;offset=0&amp;post_type=post\" data-max-page=\"3\">\n                    <span class=\"eael-btn-loader button__loader\"><\/span>\n                    <span class=\"eael_load_more_text\">Load More<\/span>\n                <\/button>\n            <\/div>\n            \t\t\t\t<\/div>\n\t\t\t\t<\/div>\n\t\t\t\t\t<\/div>\n\t\t<\/div>\n\t\t\t\t\t<\/div>\n\t\t<\/section>\n\t\t\t\t<section class=\"elementor-section elementor-top-section elementor-element elementor-element-8778993 elementor-section-boxed elementor-section-height-default elementor-section-height-default\" data-id=\"8778993\" data-element_type=\"section\" data-e-type=\"section\" data-settings=\"{&quot;_ha_eqh_enable&quot;:false}\">\n\t\t\t\t\t\t<div class=\"elementor-container elementor-column-gap-default\">\n\t\t\t\t\t<div class=\"elementor-column elementor-col-33 elementor-top-column elementor-element elementor-element-5fd5451\" data-id=\"5fd5451\" data-element_type=\"column\" data-e-type=\"column\">\n\t\t\t<div class=\"elementor-widget-wrap\">\n\t\t\t\t\t\t\t<\/div>\n\t\t<\/div>\n\t\t\t\t<div class=\"elementor-column elementor-col-33 elementor-top-column elementor-element elementor-element-5262a41\" data-id=\"5262a41\" data-element_type=\"column\" data-e-type=\"column\">\n\t\t\t<div class=\"elementor-widget-wrap\">\n\t\t\t\t\t\t\t<\/div>\n\t\t<\/div>\n\t\t\t\t<div class=\"elementor-column elementor-col-33 elementor-top-column elementor-element elementor-element-aa33cb2\" data-id=\"aa33cb2\" data-element_type=\"column\" data-e-type=\"column\">\n\t\t\t<div class=\"elementor-widget-wrap\">\n\t\t\t\t\t\t\t<\/div>\n\t\t<\/div>\n\t\t\t\t\t<\/div>\n\t\t<\/section>\n\t\t\t\t<\/div>\n\t\t","protected":false},"excerpt":{"rendered":"<p>Blog de Contabilidade S\u00e3o Jo\u00e3o Del Rei &#8211; MG Dicas e noticias para ajudar no dia a dia do seu neg\u00f3cio! Tudo Sobre MEI: Da Abertura ao Sucesso &#8211; O Manual Essencial Microempreendedores Quer transformar seu trabalho informal em um neg\u00f3cio leg\u00edtimo? Descubra tudo sobre o MEI e como essa modalidade pode ser a chave [&hellip;]<\/p>\n","protected":false},"author":1,"featured_media":1138,"parent":0,"menu_order":0,"comment_status":"closed","ping_status":"closed","template":"elementor_header_footer","meta":{"zakra_sidebar_layout":"customizer","zakra_remove_content_margin":false,"zakra_sidebar":"customizer","zakra_transparent_header":"customizer","zakra_logo":0,"zakra_main_header_style":"default","zakra_menu_item_color":"","zakra_menu_item_hover_color":null,"zakra_menu_item_active_color":null,"zakra_menu_active_style":"","zakra_page_header":true,"_eb_attr":"","_joinchat":[],"footnotes":""},"class_list":["post-1065","page","type-page","status-publish","has-post-thumbnail","hentry"],"yoast_head":"<!-- This site is optimized with the Yoast SEO plugin v27.5 - https:\/\/yoast.com\/product\/yoast-seo-wordpress\/ -->\n<title>Blog de Contabilidade S\u00e3o Jo\u00e3o Del Rei - MG | Lira Contabilidade<\/title>\n<meta name=\"description\" content=\"Fique por dentro das novidades e dicas de contabilidade em S\u00e3o Jo\u00e3o Del Rei - MG. Acesse nosso blog e mantenha sua empresa em dia com as obriga\u00e7\u00f5es fiscais\" \/>\n<meta name=\"robots\" content=\"index, follow, max-snippet:-1, max-image-preview:large, max-video-preview:-1\" \/>\n<link rel=\"canonical\" href=\"https:\/\/liracontabilidade.com.br\/index.php\/blog\/\" \/>\n<meta property=\"og:locale\" content=\"pt_BR\" \/>\n<meta property=\"og:type\" content=\"article\" \/>\n<meta property=\"og:title\" content=\"Blog de Contabilidade S\u00e3o Jo\u00e3o Del Rei - MG | Lira Contabilidade\" \/>\n<meta property=\"og:description\" content=\"Fique por dentro das novidades e dicas de contabilidade em S\u00e3o Jo\u00e3o Del Rei - MG. Acesse nosso blog e mantenha sua empresa em dia com as obriga\u00e7\u00f5es fiscais\" \/>\n<meta property=\"og:url\" content=\"https:\/\/liracontabilidade.com.br\/index.php\/blog\/\" \/>\n<meta property=\"og:site_name\" content=\"Lira Contabilidade\" \/>\n<meta property=\"article:modified_time\" content=\"2024-11-06T23:06:41+00:00\" \/>\n<meta property=\"og:image\" content=\"https:\/\/liracontabilidade.com.br\/wp-content\/uploads\/2023\/02\/cropped-Novo-Projeto-42-1.png\" \/>\n\t<meta property=\"og:image:width\" content=\"512\" \/>\n\t<meta property=\"og:image:height\" content=\"512\" \/>\n\t<meta property=\"og:image:type\" content=\"image\/png\" \/>\n<meta name=\"twitter:card\" content=\"summary_large_image\" \/>\n<meta name=\"twitter:label1\" content=\"Est. tempo de leitura\" \/>\n\t<meta name=\"twitter:data1\" content=\"3 minutos\" \/>\n<script type=\"application\/ld+json\" class=\"yoast-schema-graph\">{\"@context\":\"https:\\\/\\\/schema.org\",\"@graph\":[{\"@type\":\"WebPage\",\"@id\":\"https:\\\/\\\/liracontabilidade.com.br\\\/index.php\\\/blog\\\/\",\"url\":\"https:\\\/\\\/liracontabilidade.com.br\\\/index.php\\\/blog\\\/\",\"name\":\"Blog de Contabilidade S\u00e3o Jo\u00e3o Del Rei - MG | Lira Contabilidade\",\"isPartOf\":{\"@id\":\"https:\\\/\\\/liracontabilidade.com.br\\\/#website\"},\"primaryImageOfPage\":{\"@id\":\"https:\\\/\\\/liracontabilidade.com.br\\\/index.php\\\/blog\\\/#primaryimage\"},\"image\":{\"@id\":\"https:\\\/\\\/liracontabilidade.com.br\\\/index.php\\\/blog\\\/#primaryimage\"},\"thumbnailUrl\":\"https:\\\/\\\/liracontabilidade.com.br\\\/wp-content\\\/uploads\\\/2023\\\/02\\\/cropped-Novo-Projeto-42-1.png\",\"datePublished\":\"2023-02-13T02:43:01+00:00\",\"dateModified\":\"2024-11-06T23:06:41+00:00\",\"description\":\"Fique por dentro das novidades e dicas de contabilidade em S\u00e3o Jo\u00e3o Del Rei - MG. Acesse nosso blog e mantenha sua empresa em dia com as obriga\u00e7\u00f5es fiscais\",\"breadcrumb\":{\"@id\":\"https:\\\/\\\/liracontabilidade.com.br\\\/index.php\\\/blog\\\/#breadcrumb\"},\"inLanguage\":\"pt-BR\",\"potentialAction\":[{\"@type\":\"ReadAction\",\"target\":[\"https:\\\/\\\/liracontabilidade.com.br\\\/index.php\\\/blog\\\/\"]}]},{\"@type\":\"ImageObject\",\"inLanguage\":\"pt-BR\",\"@id\":\"https:\\\/\\\/liracontabilidade.com.br\\\/index.php\\\/blog\\\/#primaryimage\",\"url\":\"https:\\\/\\\/liracontabilidade.com.br\\\/wp-content\\\/uploads\\\/2023\\\/02\\\/cropped-Novo-Projeto-42-1.png\",\"contentUrl\":\"https:\\\/\\\/liracontabilidade.com.br\\\/wp-content\\\/uploads\\\/2023\\\/02\\\/cropped-Novo-Projeto-42-1.png\",\"width\":512,\"height\":512},{\"@type\":\"BreadcrumbList\",\"@id\":\"https:\\\/\\\/liracontabilidade.com.br\\\/index.php\\\/blog\\\/#breadcrumb\",\"itemListElement\":[{\"@type\":\"ListItem\",\"position\":1,\"name\":\"In\u00edcio\",\"item\":\"https:\\\/\\\/liracontabilidade.com.br\\\/\"},{\"@type\":\"ListItem\",\"position\":2,\"name\":\"Blog\"}]},{\"@type\":\"WebSite\",\"@id\":\"https:\\\/\\\/liracontabilidade.com.br\\\/#website\",\"url\":\"https:\\\/\\\/liracontabilidade.com.br\\\/\",\"name\":\"Lira Contabilidade\",\"description\":\"Contabilidade em S\u00e3o Jo\u00e3o Del Rei - MG\",\"publisher\":{\"@id\":\"https:\\\/\\\/liracontabilidade.com.br\\\/#organization\"},\"potentialAction\":[{\"@type\":\"SearchAction\",\"target\":{\"@type\":\"EntryPoint\",\"urlTemplate\":\"https:\\\/\\\/liracontabilidade.com.br\\\/?s={search_term_string}\"},\"query-input\":{\"@type\":\"PropertyValueSpecification\",\"valueRequired\":true,\"valueName\":\"search_term_string\"}}],\"inLanguage\":\"pt-BR\"},{\"@type\":\"Organization\",\"@id\":\"https:\\\/\\\/liracontabilidade.com.br\\\/#organization\",\"name\":\"Lira Contabilidade\",\"url\":\"https:\\\/\\\/liracontabilidade.com.br\\\/\",\"logo\":{\"@type\":\"ImageObject\",\"inLanguage\":\"pt-BR\",\"@id\":\"https:\\\/\\\/liracontabilidade.com.br\\\/#\\\/schema\\\/logo\\\/image\\\/\",\"url\":\"https:\\\/\\\/liracontabilidade.com.br\\\/wp-content\\\/uploads\\\/2023\\\/02\\\/Novo-Projeto-44.png\",\"contentUrl\":\"https:\\\/\\\/liracontabilidade.com.br\\\/wp-content\\\/uploads\\\/2023\\\/02\\\/Novo-Projeto-44.png\",\"width\":182,\"height\":60,\"caption\":\"Lira Contabilidade\"},\"image\":{\"@id\":\"https:\\\/\\\/liracontabilidade.com.br\\\/#\\\/schema\\\/logo\\\/image\\\/\"}}]}<\/script>\n<!-- \/ Yoast SEO plugin. -->","yoast_head_json":{"title":"Blog de Contabilidade S\u00e3o Jo\u00e3o Del Rei - MG | Lira Contabilidade","description":"Fique por dentro das novidades e dicas de contabilidade em S\u00e3o Jo\u00e3o Del Rei - MG. Acesse nosso blog e mantenha sua empresa em dia com as obriga\u00e7\u00f5es fiscais","robots":{"index":"index","follow":"follow","max-snippet":"max-snippet:-1","max-image-preview":"max-image-preview:large","max-video-preview":"max-video-preview:-1"},"canonical":"https:\/\/liracontabilidade.com.br\/index.php\/blog\/","og_locale":"pt_BR","og_type":"article","og_title":"Blog de Contabilidade S\u00e3o Jo\u00e3o Del Rei - MG | Lira Contabilidade","og_description":"Fique por dentro das novidades e dicas de contabilidade em S\u00e3o Jo\u00e3o Del Rei - MG. Acesse nosso blog e mantenha sua empresa em dia com as obriga\u00e7\u00f5es fiscais","og_url":"https:\/\/liracontabilidade.com.br\/index.php\/blog\/","og_site_name":"Lira Contabilidade","article_modified_time":"2024-11-06T23:06:41+00:00","og_image":[{"width":512,"height":512,"url":"https:\/\/liracontabilidade.com.br\/wp-content\/uploads\/2023\/02\/cropped-Novo-Projeto-42-1.png","type":"image\/png"}],"twitter_card":"summary_large_image","twitter_misc":{"Est. tempo de leitura":"3 minutos"},"schema":{"@context":"https:\/\/schema.org","@graph":[{"@type":"WebPage","@id":"https:\/\/liracontabilidade.com.br\/index.php\/blog\/","url":"https:\/\/liracontabilidade.com.br\/index.php\/blog\/","name":"Blog de Contabilidade S\u00e3o Jo\u00e3o Del Rei - MG | Lira Contabilidade","isPartOf":{"@id":"https:\/\/liracontabilidade.com.br\/#website"},"primaryImageOfPage":{"@id":"https:\/\/liracontabilidade.com.br\/index.php\/blog\/#primaryimage"},"image":{"@id":"https:\/\/liracontabilidade.com.br\/index.php\/blog\/#primaryimage"},"thumbnailUrl":"https:\/\/liracontabilidade.com.br\/wp-content\/uploads\/2023\/02\/cropped-Novo-Projeto-42-1.png","datePublished":"2023-02-13T02:43:01+00:00","dateModified":"2024-11-06T23:06:41+00:00","description":"Fique por dentro das novidades e dicas de contabilidade em S\u00e3o Jo\u00e3o Del Rei - MG. Acesse nosso blog e mantenha sua empresa em dia com as obriga\u00e7\u00f5es fiscais","breadcrumb":{"@id":"https:\/\/liracontabilidade.com.br\/index.php\/blog\/#breadcrumb"},"inLanguage":"pt-BR","potentialAction":[{"@type":"ReadAction","target":["https:\/\/liracontabilidade.com.br\/index.php\/blog\/"]}]},{"@type":"ImageObject","inLanguage":"pt-BR","@id":"https:\/\/liracontabilidade.com.br\/index.php\/blog\/#primaryimage","url":"https:\/\/liracontabilidade.com.br\/wp-content\/uploads\/2023\/02\/cropped-Novo-Projeto-42-1.png","contentUrl":"https:\/\/liracontabilidade.com.br\/wp-content\/uploads\/2023\/02\/cropped-Novo-Projeto-42-1.png","width":512,"height":512},{"@type":"BreadcrumbList","@id":"https:\/\/liracontabilidade.com.br\/index.php\/blog\/#breadcrumb","itemListElement":[{"@type":"ListItem","position":1,"name":"In\u00edcio","item":"https:\/\/liracontabilidade.com.br\/"},{"@type":"ListItem","position":2,"name":"Blog"}]},{"@type":"WebSite","@id":"https:\/\/liracontabilidade.com.br\/#website","url":"https:\/\/liracontabilidade.com.br\/","name":"Lira Contabilidade","description":"Contabilidade em S\u00e3o Jo\u00e3o Del Rei - MG","publisher":{"@id":"https:\/\/liracontabilidade.com.br\/#organization"},"potentialAction":[{"@type":"SearchAction","target":{"@type":"EntryPoint","urlTemplate":"https:\/\/liracontabilidade.com.br\/?s={search_term_string}"},"query-input":{"@type":"PropertyValueSpecification","valueRequired":true,"valueName":"search_term_string"}}],"inLanguage":"pt-BR"},{"@type":"Organization","@id":"https:\/\/liracontabilidade.com.br\/#organization","name":"Lira Contabilidade","url":"https:\/\/liracontabilidade.com.br\/","logo":{"@type":"ImageObject","inLanguage":"pt-BR","@id":"https:\/\/liracontabilidade.com.br\/#\/schema\/logo\/image\/","url":"https:\/\/liracontabilidade.com.br\/wp-content\/uploads\/2023\/02\/Novo-Projeto-44.png","contentUrl":"https:\/\/liracontabilidade.com.br\/wp-content\/uploads\/2023\/02\/Novo-Projeto-44.png","width":182,"height":60,"caption":"Lira Contabilidade"},"image":{"@id":"https:\/\/liracontabilidade.com.br\/#\/schema\/logo\/image\/"}}]}},"_links":{"self":[{"href":"https:\/\/liracontabilidade.com.br\/index.php\/wp-json\/wp\/v2\/pages\/1065","targetHints":{"allow":["GET"]}}],"collection":[{"href":"https:\/\/liracontabilidade.com.br\/index.php\/wp-json\/wp\/v2\/pages"}],"about":[{"href":"https:\/\/liracontabilidade.com.br\/index.php\/wp-json\/wp\/v2\/types\/page"}],"author":[{"embeddable":true,"href":"https:\/\/liracontabilidade.com.br\/index.php\/wp-json\/wp\/v2\/users\/1"}],"replies":[{"embeddable":true,"href":"https:\/\/liracontabilidade.com.br\/index.php\/wp-json\/wp\/v2\/comments?post=1065"}],"version-history":[{"count":11,"href":"https:\/\/liracontabilidade.com.br\/index.php\/wp-json\/wp\/v2\/pages\/1065\/revisions"}],"predecessor-version":[{"id":1491,"href":"https:\/\/liracontabilidade.com.br\/index.php\/wp-json\/wp\/v2\/pages\/1065\/revisions\/1491"}],"wp:featuredmedia":[{"embeddable":true,"href":"https:\/\/liracontabilidade.com.br\/index.php\/wp-json\/wp\/v2\/media\/1138"}],"wp:attachment":[{"href":"https:\/\/liracontabilidade.com.br\/index.php\/wp-json\/wp\/v2\/media?parent=1065"}],"curies":[{"name":"wp","href":"https:\/\/api.w.org\/{rel}","templated":true}]}}